{"id":1026,"date":"2020-06-04T13:44:23","date_gmt":"2020-06-04T12:44:23","guid":{"rendered":"https:\/\/www.dalmatien-online.de\/?page_id=1026"},"modified":"2020-06-24T06:52:54","modified_gmt":"2020-06-24T05:52:54","slug":"peljesac-sveti-ilija","status":"publish","type":"page","link":"https:\/\/www.dalmatien-online.de\/de\/peljesac-sveti-ilija\/","title":{"rendered":"Pelje\u0161ac &#8211; Tour &#8222;Sveti Ilija&#8220;"},"content":{"rendered":"\n<div class=\"wp-block-image\"><figure class=\"aligncenter size-large\"><img loading=\"lazy\" decoding=\"async\" width=\"1024\" height=\"271\" src=\"https:\/\/www.dalmatien-online.de\/wp-content\/uploads\/2020\/06\/0-D-O-Tour-Sv-Ilija-1024x271.jpg\" alt=\"\" class=\"wp-image-2959\" srcset=\"https:\/\/www.dalmatien-online.de\/wp-content\/uploads\/2020\/06\/0-D-O-Tour-Sv-Ilija-1024x271.jpg 1024w, https:\/\/www.dalmatien-online.de\/wp-content\/uploads\/2020\/06\/0-D-O-Tour-Sv-Ilija-300x79.jpg 300w, https:\/\/www.dalmatien-online.de\/wp-content\/uploads\/2020\/06\/0-D-O-Tour-Sv-Ilija-768x203.jpg 768w, https:\/\/www.dalmatien-online.de\/wp-content\/uploads\/2020\/06\/0-D-O-Tour-Sv-Ilija-250x66.jpg 250w, https:\/\/www.dalmatien-online.de\/wp-content\/uploads\/2020\/06\/0-D-O-Tour-Sv-Ilija.jpg 1389w\" sizes=\"auto, (max-width: 1024px) 100vw, 1024px\" \/><figcaption>Der Berg ruft! Eine bildgewaltige Tour zum Inselgipfel des &#8222;Sveti Ilija&#8220; ( 961 Meter) auf der Halbinsel Pele\u0161ac mit Startpunkt in Orebi\u0107.<\/figcaption><\/figure><\/div>\n\n\n\n<figure class=\"wp-block-image size-large\"><img loading=\"lazy\" decoding=\"async\" width=\"1024\" height=\"668\" src=\"https:\/\/www.dalmatien-online.de\/wp-content\/uploads\/2020\/06\/0-Sveti-Ilija-bergruf-1024x668.jpg\" alt=\"\" class=\"wp-image-2859\" srcset=\"https:\/\/www.dalmatien-online.de\/wp-content\/uploads\/2020\/06\/0-Sveti-Ilija-bergruf-1024x668.jpg 1024w, https:\/\/www.dalmatien-online.de\/wp-content\/uploads\/2020\/06\/0-Sveti-Ilija-bergruf-300x196.jpg 300w, https:\/\/www.dalmatien-online.de\/wp-content\/uploads\/2020\/06\/0-Sveti-Ilija-bergruf-768x501.jpg 768w, https:\/\/www.dalmatien-online.de\/wp-content\/uploads\/2020\/06\/0-Sveti-Ilija-bergruf-250x163.jpg 250w, https:\/\/www.dalmatien-online.de\/wp-content\/uploads\/2020\/06\/0-Sveti-Ilija-bergruf.jpg 1407w\" sizes=\"auto, (max-width: 1024px) 100vw, 1024px\" \/><figcaption>Startpunkt am fr\u00fchen Morgen ist das Cafe <span class=\"has-inline-color has-vivid-cyan-blue-color\"><strong><a rel=\"noreferrer noopener\" href=\"https:\/\/www.facebook.com\/CroccantinoCRO\/\" target=\"_blank\">&#8222;Croccantino&#8220;<\/a><\/strong> <\/span>unweit des F\u00e4hranlegers an der Uferpromenade. Erst mal Kaffee und das leckerste Croissant von Orebi\u0107, relaxen, aufs Meer schaun und schlie\u00dflich die Ausr\u00fcstung checken. Festes Schuhwerk, ausreichend Wasser, Wetterfeste Kleidung sind Pflicht.<\/figcaption><\/figure>\n\n\n\n<figure class=\"wp-block-image size-large is-resized\"><img loading=\"lazy\" decoding=\"async\" src=\"https:\/\/www.dalmatien-online.de\/wp-content\/uploads\/2020\/06\/0-Sv-Ilija-D-O-12-1024x678.jpg\" alt=\"\" class=\"wp-image-2815\" width=\"801\" height=\"530\" srcset=\"https:\/\/www.dalmatien-online.de\/wp-content\/uploads\/2020\/06\/0-Sv-Ilija-D-O-12-1024x678.jpg 1024w, https:\/\/www.dalmatien-online.de\/wp-content\/uploads\/2020\/06\/0-Sv-Ilija-D-O-12-300x199.jpg 300w, https:\/\/www.dalmatien-online.de\/wp-content\/uploads\/2020\/06\/0-Sv-Ilija-D-O-12-768x509.jpg 768w, https:\/\/www.dalmatien-online.de\/wp-content\/uploads\/2020\/06\/0-Sv-Ilija-D-O-12-250x166.jpg 250w, https:\/\/www.dalmatien-online.de\/wp-content\/uploads\/2020\/06\/0-Sv-Ilija-D-O-12.jpg 1380w\" sizes=\"auto, (max-width: 801px) 100vw, 801px\" \/><figcaption>Danach geht`s los &#8211; ein St\u00fcck entlang der Hauptstra\u00dfe im Ort (&#8222;Ulica Kralja Petra Kre\u0161imira&#8220;) in Richtung Westen bis zu einer kleinen Abzweigung rechts zum Franziskanerkloster<strong><a rel=\"noreferrer noopener\" href=\"http:\/\/tz-orebic.hr\/en\/Znamenitosti\/PrikaziCijeliClanak\/30\" target=\"_blank\"> &#8222;Gospe od An\u0111ela&#8220;<\/a><\/strong>. Parallel zur Stra\u00dfe folgt man den steilen steinigen Serpentinen hinauf bis man oben wieder auf dem Str\u00e4\u00dfchen zum Kloster ist.<\/figcaption><\/figure>\n\n\n\n<figure class=\"wp-block-image size-large\"><img loading=\"lazy\" decoding=\"async\" width=\"1024\" height=\"690\" src=\"https:\/\/www.dalmatien-online.de\/wp-content\/uploads\/2020\/06\/0-sv-Ilija-D-O-1-1-1024x690.jpg\" alt=\"\" class=\"wp-image-2857\" srcset=\"https:\/\/www.dalmatien-online.de\/wp-content\/uploads\/2020\/06\/0-sv-Ilija-D-O-1-1-1024x690.jpg 1024w, https:\/\/www.dalmatien-online.de\/wp-content\/uploads\/2020\/06\/0-sv-Ilija-D-O-1-1-300x202.jpg 300w, https:\/\/www.dalmatien-online.de\/wp-content\/uploads\/2020\/06\/0-sv-Ilija-D-O-1-1-768x517.jpg 768w, https:\/\/www.dalmatien-online.de\/wp-content\/uploads\/2020\/06\/0-sv-Ilija-D-O-1-1-250x168.jpg 250w, https:\/\/www.dalmatien-online.de\/wp-content\/uploads\/2020\/06\/0-sv-Ilija-D-O-1-1.jpg 1335w\" sizes=\"auto, (max-width: 1024px) 100vw, 1024px\" \/><figcaption>Oben &#8211; Blick zum Kloster von der Uferpromenade aus der Ferne.<\/figcaption><\/figure>\n\n\n\n<figure class=\"wp-block-image size-large\"><img loading=\"lazy\" decoding=\"async\" width=\"678\" height=\"1024\" src=\"https:\/\/www.dalmatien-online.de\/wp-content\/uploads\/2020\/06\/0-Sv-Ilija-D-O-4-678x1024.jpg\" alt=\"\" class=\"wp-image-2806\" srcset=\"https:\/\/www.dalmatien-online.de\/wp-content\/uploads\/2020\/06\/0-Sv-Ilija-D-O-4-678x1024.jpg 678w, https:\/\/www.dalmatien-online.de\/wp-content\/uploads\/2020\/06\/0-Sv-Ilija-D-O-4-199x300.jpg 199w, https:\/\/www.dalmatien-online.de\/wp-content\/uploads\/2020\/06\/0-Sv-Ilija-D-O-4-768x1160.jpg 768w, https:\/\/www.dalmatien-online.de\/wp-content\/uploads\/2020\/06\/0-Sv-Ilija-D-O-4-250x377.jpg 250w, https:\/\/www.dalmatien-online.de\/wp-content\/uploads\/2020\/06\/0-Sv-Ilija-D-O-4.jpg 1012w\" sizes=\"auto, (max-width: 678px) 100vw, 678px\" \/><figcaption>Erste Blicke in die Ferne entlang der s\u00fcdwestlichen K\u00fcstenlinie der Halbinsel und auf den Startpunkt nahe des Hafens er\u00f6ffnen sich, bis man schlie\u00dflich das Kloster mit dem alten Kapit\u00e4nsfriedhof erreicht. <\/figcaption><\/figure>\n\n\n\n<figure class=\"wp-block-image size-large\"><img loading=\"lazy\" decoding=\"async\" width=\"1024\" height=\"678\" src=\"https:\/\/www.dalmatien-online.de\/wp-content\/uploads\/2020\/06\/A-Peljeski-Kanal-19-2-1024x678.jpg\" alt=\"\" class=\"wp-image-1032\" srcset=\"https:\/\/www.dalmatien-online.de\/wp-content\/uploads\/2020\/06\/A-Peljeski-Kanal-19-2-1024x678.jpg 1024w, https:\/\/www.dalmatien-online.de\/wp-content\/uploads\/2020\/06\/A-Peljeski-Kanal-19-2-300x199.jpg 300w, https:\/\/www.dalmatien-online.de\/wp-content\/uploads\/2020\/06\/A-Peljeski-Kanal-19-2-768x509.jpg 768w, https:\/\/www.dalmatien-online.de\/wp-content\/uploads\/2020\/06\/A-Peljeski-Kanal-19-2-250x166.jpg 250w, https:\/\/www.dalmatien-online.de\/wp-content\/uploads\/2020\/06\/A-Peljeski-Kanal-19-2.jpg 1528w\" sizes=\"auto, (max-width: 1024px) 100vw, 1024px\" \/><figcaption>Prunkvolle Gr\u00e4ber der stolzen Seefahrer laden ein, kurz staunend zu verweilen. Viele Kapit\u00e4ne der Seefahrtsnation wurden hier einst bestattet. Schon schweift der Blick westlich \u00fcber den &#8222;Pelje\u0161ki kanal&#8220; auf die Sch\u00f6nheit von Kor\u010dula gegen\u00fcber.<\/figcaption><\/figure>\n\n\n\n<figure class=\"wp-block-image size-large\"><img loading=\"lazy\" decoding=\"async\" width=\"1024\" height=\"678\" src=\"https:\/\/www.dalmatien-online.de\/wp-content\/uploads\/2020\/06\/0-Sv-Ilija-D-O-3-1024x678.jpg\" alt=\"\" class=\"wp-image-2808\" srcset=\"https:\/\/www.dalmatien-online.de\/wp-content\/uploads\/2020\/06\/0-Sv-Ilija-D-O-3-1024x678.jpg 1024w, https:\/\/www.dalmatien-online.de\/wp-content\/uploads\/2020\/06\/0-Sv-Ilija-D-O-3-300x199.jpg 300w, https:\/\/www.dalmatien-online.de\/wp-content\/uploads\/2020\/06\/0-Sv-Ilija-D-O-3-768x508.jpg 768w, https:\/\/www.dalmatien-online.de\/wp-content\/uploads\/2020\/06\/0-Sv-Ilija-D-O-3-250x166.jpg 250w, https:\/\/www.dalmatien-online.de\/wp-content\/uploads\/2020\/06\/0-Sv-Ilija-D-O-3.jpg 1379w\" sizes=\"auto, (max-width: 1024px) 100vw, 1024px\" \/><figcaption>Jetzt f\u00fchren einen die \u00fcblichen Wegweiser entlang des Str\u00e4\u00dfchens weiter bergauf, bevor auf die Westseite des &#8222;Sveti Ilija`s&#8220; abgebogen wird in die Wildnis. Weitere herrliche Blicke auf Kor\u010dula Stadt und den Horizont werden geboten. <\/figcaption><\/figure>\n\n\n\n<figure class=\"wp-block-image size-large\"><img loading=\"lazy\" decoding=\"async\" width=\"1024\" height=\"678\" src=\"https:\/\/www.dalmatien-online.de\/wp-content\/uploads\/2020\/06\/0-Sv-Ilija-D-O-5-1024x678.jpg\" alt=\"\" class=\"wp-image-2809\" srcset=\"https:\/\/www.dalmatien-online.de\/wp-content\/uploads\/2020\/06\/0-Sv-Ilija-D-O-5-1024x678.jpg 1024w, https:\/\/www.dalmatien-online.de\/wp-content\/uploads\/2020\/06\/0-Sv-Ilija-D-O-5-300x199.jpg 300w, https:\/\/www.dalmatien-online.de\/wp-content\/uploads\/2020\/06\/0-Sv-Ilija-D-O-5-768x509.jpg 768w, https:\/\/www.dalmatien-online.de\/wp-content\/uploads\/2020\/06\/0-Sv-Ilija-D-O-5-250x166.jpg 250w, https:\/\/www.dalmatien-online.de\/wp-content\/uploads\/2020\/06\/0-Sv-Ilija-D-O-5.jpg 1380w\" sizes=\"auto, (max-width: 1024px) 100vw, 1024px\" \/><figcaption>Unten der &#8222;gezoomte Blick&#8220; auf die Altstadt von Kor\u010dula gegen\u00fcber in einigen Kilometern Entfernung. Geformt wie ein Wappen oder eine Muschel liegt sie dort auf einer kleinen Halbinsel und klammert sichan die K\u00fcste.<\/figcaption><\/figure>\n\n\n\n<figure class=\"wp-block-image size-large\"><img loading=\"lazy\" decoding=\"async\" width=\"1024\" height=\"678\" src=\"https:\/\/www.dalmatien-online.de\/wp-content\/uploads\/2020\/06\/0-Sv-Ilija-D-O-6-1024x678.jpg\" alt=\"\" class=\"wp-image-2810\" srcset=\"https:\/\/www.dalmatien-online.de\/wp-content\/uploads\/2020\/06\/0-Sv-Ilija-D-O-6-1024x678.jpg 1024w, https:\/\/www.dalmatien-online.de\/wp-content\/uploads\/2020\/06\/0-Sv-Ilija-D-O-6-300x199.jpg 300w, https:\/\/www.dalmatien-online.de\/wp-content\/uploads\/2020\/06\/0-Sv-Ilija-D-O-6-768x509.jpg 768w, https:\/\/www.dalmatien-online.de\/wp-content\/uploads\/2020\/06\/0-Sv-Ilija-D-O-6-250x166.jpg 250w, https:\/\/www.dalmatien-online.de\/wp-content\/uploads\/2020\/06\/0-Sv-Ilija-D-O-6.jpg 1380w\" sizes=\"auto, (max-width: 1024px) 100vw, 1024px\" \/><figcaption>Weiter schl\u00e4ngelt sich der Weg bergauf um die Westseite herum um den Berg und die Vegetation wechselt vom manchmal karg bis wieder waldig. Zahlreiche Insekten wie Bienen oder auch viele Libellen gr\u00fc\u00dfen freundlichst auf dem Weg nach oben. <\/figcaption><\/figure>\n\n\n\n<figure class=\"wp-block-image size-large\"><img loading=\"lazy\" decoding=\"async\" width=\"1024\" height=\"675\" src=\"https:\/\/www.dalmatien-online.de\/wp-content\/uploads\/2020\/06\/0-Sv-Ilija-D-O-51-1024x675.jpg\" alt=\"\" class=\"wp-image-2854\" srcset=\"https:\/\/www.dalmatien-online.de\/wp-content\/uploads\/2020\/06\/0-Sv-Ilija-D-O-51-1024x675.jpg 1024w, https:\/\/www.dalmatien-online.de\/wp-content\/uploads\/2020\/06\/0-Sv-Ilija-D-O-51-300x198.jpg 300w, https:\/\/www.dalmatien-online.de\/wp-content\/uploads\/2020\/06\/0-Sv-Ilija-D-O-51-768x506.jpg 768w, https:\/\/www.dalmatien-online.de\/wp-content\/uploads\/2020\/06\/0-Sv-Ilija-D-O-51-250x165.jpg 250w, https:\/\/www.dalmatien-online.de\/wp-content\/uploads\/2020\/06\/0-Sv-Ilija-D-O-51.jpg 1491w\" sizes=\"auto, (max-width: 1024px) 100vw, 1024px\" \/><figcaption>Hinter der Insel Kor\u010dula geben die Inselberge gegen\u00fcber des Kanals die Silhouetten der Insel Lastovo frei, die s\u00fcdwestlich von Pelje\u0161ac liegt. Schlie\u00dflich nach einiger Zeit verl\u00e4uft der makierte Weg lange \u00fcber leichte und schwerere Passagen durch Wald. Hier warten mit Gl\u00fcck einige interessante Begegnungen.<\/figcaption><\/figure>\n\n\n\n<figure class=\"wp-block-image size-large\"><img loading=\"lazy\" decoding=\"async\" width=\"1024\" height=\"678\" src=\"https:\/\/www.dalmatien-online.de\/wp-content\/uploads\/2020\/06\/0-Sv-Ilija-D-O-8-1024x678.jpg\" alt=\"\" class=\"wp-image-2811\" srcset=\"https:\/\/www.dalmatien-online.de\/wp-content\/uploads\/2020\/06\/0-Sv-Ilija-D-O-8-1024x678.jpg 1024w, https:\/\/www.dalmatien-online.de\/wp-content\/uploads\/2020\/06\/0-Sv-Ilija-D-O-8-300x199.jpg 300w, https:\/\/www.dalmatien-online.de\/wp-content\/uploads\/2020\/06\/0-Sv-Ilija-D-O-8-768x509.jpg 768w, https:\/\/www.dalmatien-online.de\/wp-content\/uploads\/2020\/06\/0-Sv-Ilija-D-O-8-250x166.jpg 250w, https:\/\/www.dalmatien-online.de\/wp-content\/uploads\/2020\/06\/0-Sv-Ilija-D-O-8.jpg 1380w\" sizes=\"auto, (max-width: 1024px) 100vw, 1024px\" \/><figcaption>Ausgewilderte Pferde gibt es hier, ein Relikt aus vergangenen Tagen beginnend mit dem 2. Weltkrieg, als die Tiere dort ihrem Schicksal \u00fcberlassen wurden. <\/figcaption><\/figure>\n\n\n\n<figure class=\"wp-block-image size-large\"><img loading=\"lazy\" decoding=\"async\" width=\"1024\" height=\"672\" src=\"https:\/\/www.dalmatien-online.de\/wp-content\/uploads\/2020\/06\/0-Sv-Ilija-D-O-9-1024x672.jpg\" alt=\"\" class=\"wp-image-2812\" srcset=\"https:\/\/www.dalmatien-online.de\/wp-content\/uploads\/2020\/06\/0-Sv-Ilija-D-O-9-1024x672.jpg 1024w, https:\/\/www.dalmatien-online.de\/wp-content\/uploads\/2020\/06\/0-Sv-Ilija-D-O-9-300x197.jpg 300w, https:\/\/www.dalmatien-online.de\/wp-content\/uploads\/2020\/06\/0-Sv-Ilija-D-O-9-768x504.jpg 768w, https:\/\/www.dalmatien-online.de\/wp-content\/uploads\/2020\/06\/0-Sv-Ilija-D-O-9-250x164.jpg 250w, https:\/\/www.dalmatien-online.de\/wp-content\/uploads\/2020\/06\/0-Sv-Ilija-D-O-9.jpg 1401w\" sizes=\"auto, (max-width: 1024px) 100vw, 1024px\" \/><figcaption>Andere Weggef\u00e4hrten sind mit ein bischen Gl\u00fcck und Ruhe auch auszumachen in der rauhen Wildnis des Inselkarsts. Nach einiger Zeit und reichlich Strapazen beginnt sich der Wald zu lichten und kargere Vegetation und tolle Aus- und Fernblicke bestimmen die Landschaft.<\/figcaption><\/figure>\n\n\n\n<figure class=\"wp-block-image size-large\"><img loading=\"lazy\" decoding=\"async\" width=\"1024\" height=\"680\" src=\"https:\/\/www.dalmatien-online.de\/wp-content\/uploads\/2020\/06\/0-Sv-Ilija-D-O-94-1024x680.jpg\" alt=\"\" class=\"wp-image-2822\" srcset=\"https:\/\/www.dalmatien-online.de\/wp-content\/uploads\/2020\/06\/0-Sv-Ilija-D-O-94-1024x680.jpg 1024w, https:\/\/www.dalmatien-online.de\/wp-content\/uploads\/2020\/06\/0-Sv-Ilija-D-O-94-300x199.jpg 300w, https:\/\/www.dalmatien-online.de\/wp-content\/uploads\/2020\/06\/0-Sv-Ilija-D-O-94-768x510.jpg 768w, https:\/\/www.dalmatien-online.de\/wp-content\/uploads\/2020\/06\/0-Sv-Ilija-D-O-94-250x166.jpg 250w, https:\/\/www.dalmatien-online.de\/wp-content\/uploads\/2020\/06\/0-Sv-Ilija-D-O-94-400x267.jpg 400w, https:\/\/www.dalmatien-online.de\/wp-content\/uploads\/2020\/06\/0-Sv-Ilija-D-O-94.jpg 1413w\" sizes=\"auto, (max-width: 1024px) 100vw, 1024px\" \/><figcaption>Dort ankegommen zieht sich eine Art steiniges Hochplateau mit Spalten und scharfen Spitzen Kanten weiter hoch gen Gipfel des Inselberges, begleitet von weiteren magist\u00e4tischen Blicken. Aus der Ferne kann man die Insel Vis erahnen genau in westlicher Richtung und im S\u00fcden weiterhin die Insel Kor\u010dula.<\/figcaption><\/figure>\n\n\n\n<figure class=\"wp-block-image size-large\"><img loading=\"lazy\" decoding=\"async\" width=\"1024\" height=\"674\" src=\"https:\/\/www.dalmatien-online.de\/wp-content\/uploads\/2020\/06\/0A-Vrh-Sv-Ilija-2-1024x674.jpg\" alt=\"\" class=\"wp-image-2818\" srcset=\"https:\/\/www.dalmatien-online.de\/wp-content\/uploads\/2020\/06\/0A-Vrh-Sv-Ilija-2-1024x674.jpg 1024w, https:\/\/www.dalmatien-online.de\/wp-content\/uploads\/2020\/06\/0A-Vrh-Sv-Ilija-2-300x197.jpg 300w, https:\/\/www.dalmatien-online.de\/wp-content\/uploads\/2020\/06\/0A-Vrh-Sv-Ilija-2-768x505.jpg 768w, https:\/\/www.dalmatien-online.de\/wp-content\/uploads\/2020\/06\/0A-Vrh-Sv-Ilija-2-250x164.jpg 250w, https:\/\/www.dalmatien-online.de\/wp-content\/uploads\/2020\/06\/0A-Vrh-Sv-Ilija-2.jpg 1444w\" sizes=\"auto, (max-width: 1024px) 100vw, 1024px\" \/><figcaption>Nun der Blick auf die Ostseite auf die Stadt Kor\u010dula rechts mittig und links im Bild Lumbarda &#8211; links unten ist der kleine Hafen von Orebi\u0107 zu erkennen.<\/figcaption><\/figure>\n\n\n\n<figure class=\"wp-block-image size-large\"><img loading=\"lazy\" decoding=\"async\" width=\"1024\" height=\"678\" src=\"https:\/\/www.dalmatien-online.de\/wp-content\/uploads\/2020\/06\/0-Sv-Ilija-D-O-93-1024x678.jpg\" alt=\"\" class=\"wp-image-2819\" srcset=\"https:\/\/www.dalmatien-online.de\/wp-content\/uploads\/2020\/06\/0-Sv-Ilija-D-O-93-1024x678.jpg 1024w, https:\/\/www.dalmatien-online.de\/wp-content\/uploads\/2020\/06\/0-Sv-Ilija-D-O-93-300x199.jpg 300w, https:\/\/www.dalmatien-online.de\/wp-content\/uploads\/2020\/06\/0-Sv-Ilija-D-O-93-768x509.jpg 768w, https:\/\/www.dalmatien-online.de\/wp-content\/uploads\/2020\/06\/0-Sv-Ilija-D-O-93-250x166.jpg 250w, https:\/\/www.dalmatien-online.de\/wp-content\/uploads\/2020\/06\/0-Sv-Ilija-D-O-93.jpg 1380w\" sizes=\"auto, (max-width: 1024px) 100vw, 1024px\" \/><figcaption>Auf der anderen Seite nordwestlich zeigen sich die Insel Hvar, dahinter Bra\u010d und rechts im Bild zu erahnen das Festland der dalmatischen K\u00fcste.<\/figcaption><\/figure>\n\n\n\n<figure class=\"wp-block-image size-large\"><img loading=\"lazy\" decoding=\"async\" width=\"1024\" height=\"676\" src=\"https:\/\/www.dalmatien-online.de\/wp-content\/uploads\/2020\/06\/0A-Vrh-Sv-Ilija-4-1-1024x676.jpg\" alt=\"\" class=\"wp-image-2820\" srcset=\"https:\/\/www.dalmatien-online.de\/wp-content\/uploads\/2020\/06\/0A-Vrh-Sv-Ilija-4-1-1024x676.jpg 1024w, https:\/\/www.dalmatien-online.de\/wp-content\/uploads\/2020\/06\/0A-Vrh-Sv-Ilija-4-1-300x198.jpg 300w, https:\/\/www.dalmatien-online.de\/wp-content\/uploads\/2020\/06\/0A-Vrh-Sv-Ilija-4-1-768x507.jpg 768w, https:\/\/www.dalmatien-online.de\/wp-content\/uploads\/2020\/06\/0A-Vrh-Sv-Ilija-4-1-250x165.jpg 250w, https:\/\/www.dalmatien-online.de\/wp-content\/uploads\/2020\/06\/0A-Vrh-Sv-Ilija-4-1.jpg 1392w\" sizes=\"auto, (max-width: 1024px) 100vw, 1024px\" \/><figcaption>Auf der dem Festland zugewandten Seite kommt einem unten im Bild die Ostspitze Hvar`s in den Blick auf der der Leuchtturm von Su\u0107uraj steht. Dahinter das Festland zwischen \u017divogo\u0161\u0107e und Drvenik.<\/figcaption><\/figure>\n\n\n\n<figure class=\"wp-block-image size-large\"><img loading=\"lazy\" decoding=\"async\" width=\"1024\" height=\"678\" src=\"https:\/\/www.dalmatien-online.de\/wp-content\/uploads\/2020\/06\/0-Sv-Ilija-D-O-14-1024x678.jpg\" alt=\"\" class=\"wp-image-2848\" srcset=\"https:\/\/www.dalmatien-online.de\/wp-content\/uploads\/2020\/06\/0-Sv-Ilija-D-O-14-1024x678.jpg 1024w, https:\/\/www.dalmatien-online.de\/wp-content\/uploads\/2020\/06\/0-Sv-Ilija-D-O-14-300x199.jpg 300w, https:\/\/www.dalmatien-online.de\/wp-content\/uploads\/2020\/06\/0-Sv-Ilija-D-O-14-768x509.jpg 768w, https:\/\/www.dalmatien-online.de\/wp-content\/uploads\/2020\/06\/0-Sv-Ilija-D-O-14-250x166.jpg 250w, https:\/\/www.dalmatien-online.de\/wp-content\/uploads\/2020\/06\/0-Sv-Ilija-D-O-14.jpg 1380w\" sizes=\"auto, (max-width: 1024px) 100vw, 1024px\" \/><figcaption>Beim Blick nach S\u00fcdwesten offenbart sich die Insel Mljet und zu den F\u00fc\u00dfen ein Teil von Orebi\u0107 mit ein paar winzigen vorgelagerten Inseln.<\/figcaption><\/figure>\n\n\n\n<figure class=\"wp-block-image size-large\"><img loading=\"lazy\" decoding=\"async\" width=\"719\" height=\"1024\" src=\"https:\/\/www.dalmatien-online.de\/wp-content\/uploads\/2020\/06\/A-Orebic-von-oben-19-5-719x1024.jpg\" alt=\"\" class=\"wp-image-2823\" srcset=\"https:\/\/www.dalmatien-online.de\/wp-content\/uploads\/2020\/06\/A-Orebic-von-oben-19-5-719x1024.jpg 719w, https:\/\/www.dalmatien-online.de\/wp-content\/uploads\/2020\/06\/A-Orebic-von-oben-19-5-211x300.jpg 211w, https:\/\/www.dalmatien-online.de\/wp-content\/uploads\/2020\/06\/A-Orebic-von-oben-19-5-768x1095.jpg 768w, https:\/\/www.dalmatien-online.de\/wp-content\/uploads\/2020\/06\/A-Orebic-von-oben-19-5-250x356.jpg 250w, https:\/\/www.dalmatien-online.de\/wp-content\/uploads\/2020\/06\/A-Orebic-von-oben-19-5.jpg 1042w\" sizes=\"auto, (max-width: 719px) 100vw, 719px\" \/><figcaption>Oben links mittig im Bild der Leuchtturm &#8222;Korkyra&#8220; auf der kleinen Insel &#8222;Velika Sestrica&#8220; den man auch mieten kann, sofern man das n\u00f6tige Kleingeld hat. Unten im Bild nochmal zu sehen.<\/figcaption><\/figure>\n\n\n\n<figure class=\"wp-block-image size-large\"><img loading=\"lazy\" decoding=\"async\" width=\"1024\" height=\"678\" src=\"https:\/\/www.dalmatien-online.de\/wp-content\/uploads\/2020\/06\/A-Orebic-von-oben-19-4-1024x678.jpg\" alt=\"\" class=\"wp-image-2824\" srcset=\"https:\/\/www.dalmatien-online.de\/wp-content\/uploads\/2020\/06\/A-Orebic-von-oben-19-4-1024x678.jpg 1024w, https:\/\/www.dalmatien-online.de\/wp-content\/uploads\/2020\/06\/A-Orebic-von-oben-19-4-300x199.jpg 300w, https:\/\/www.dalmatien-online.de\/wp-content\/uploads\/2020\/06\/A-Orebic-von-oben-19-4-768x509.jpg 768w, https:\/\/www.dalmatien-online.de\/wp-content\/uploads\/2020\/06\/A-Orebic-von-oben-19-4-250x166.jpg 250w, https:\/\/www.dalmatien-online.de\/wp-content\/uploads\/2020\/06\/A-Orebic-von-oben-19-4.jpg 1528w\" sizes=\"auto, (max-width: 1024px) 100vw, 1024px\" \/><figcaption>Ein majest\u00e4tischer Blick von nahe des Gipfels auf Orebi\u0107 und die K\u00fcstenlinie der Halbinsel entsch\u00e4digt f\u00fcr die Strapazen des Aufstiegs. Hinten im Bild ist die Isel Mljet zu erkennen.<\/figcaption><\/figure>\n\n\n\n<figure class=\"wp-block-image size-large\"><img loading=\"lazy\" decoding=\"async\" width=\"1024\" height=\"668\" src=\"https:\/\/www.dalmatien-online.de\/wp-content\/uploads\/2020\/06\/0A-Vrh-Sv-Ilija-3-3-1024x668.jpg\" alt=\"\" class=\"wp-image-2826\" srcset=\"https:\/\/www.dalmatien-online.de\/wp-content\/uploads\/2020\/06\/0A-Vrh-Sv-Ilija-3-3-1024x668.jpg 1024w, https:\/\/www.dalmatien-online.de\/wp-content\/uploads\/2020\/06\/0A-Vrh-Sv-Ilija-3-3-300x196.jpg 300w, https:\/\/www.dalmatien-online.de\/wp-content\/uploads\/2020\/06\/0A-Vrh-Sv-Ilija-3-3-768x501.jpg 768w, https:\/\/www.dalmatien-online.de\/wp-content\/uploads\/2020\/06\/0A-Vrh-Sv-Ilija-3-3-250x163.jpg 250w, https:\/\/www.dalmatien-online.de\/wp-content\/uploads\/2020\/06\/0A-Vrh-Sv-Ilija-3-3.jpg 1417w\" sizes=\"auto, (max-width: 1024px) 100vw, 1024px\" \/><figcaption>Schlie\u00dflich am Gipfel angekommen genie\u00dft man die Aussichten und nach einiger Zeit des Verweilens und einer kleinen St\u00e4rkung geht`s zur\u00fcck nach Orebi\u0107, entweder auf der gekommenen Route oder ein Abstieg auf S\u00fcdseite durch den Wald. Bei der Abstiegsroute \u00fcber die S\u00fcdflanke des Sveti Ilija gelangt man ungef\u00e4hr in der Mitte der Stadt nach Orebi\u0107.<\/figcaption><\/figure>\n\n\n\n<figure class=\"wp-block-image size-large\"><img loading=\"lazy\" decoding=\"async\" width=\"1024\" height=\"680\" src=\"https:\/\/www.dalmatien-online.de\/wp-content\/uploads\/2020\/06\/0A-Vrh-Sv-Ilija-1-2-1024x680.jpg\" alt=\"\" class=\"wp-image-2827\" srcset=\"https:\/\/www.dalmatien-online.de\/wp-content\/uploads\/2020\/06\/0A-Vrh-Sv-Ilija-1-2-1024x680.jpg 1024w, https:\/\/www.dalmatien-online.de\/wp-content\/uploads\/2020\/06\/0A-Vrh-Sv-Ilija-1-2-300x199.jpg 300w, https:\/\/www.dalmatien-online.de\/wp-content\/uploads\/2020\/06\/0A-Vrh-Sv-Ilija-1-2-768x510.jpg 768w, https:\/\/www.dalmatien-online.de\/wp-content\/uploads\/2020\/06\/0A-Vrh-Sv-Ilija-1-2-250x166.jpg 250w, https:\/\/www.dalmatien-online.de\/wp-content\/uploads\/2020\/06\/0A-Vrh-Sv-Ilija-1-2-400x267.jpg 400w, https:\/\/www.dalmatien-online.de\/wp-content\/uploads\/2020\/06\/0A-Vrh-Sv-Ilija-1-2.jpg 1389w\" sizes=\"auto, (max-width: 1024px) 100vw, 1024px\" \/><\/figure>\n\n\n\n\n\n\n","protected":false},"excerpt":{"rendered":"","protected":false},"author":2,"featured_media":0,"parent":0,"menu_order":0,"comment_status":"closed","ping_status":"closed","template":"","meta":{"footnotes":"","_links_to":"","_links_to_target":""},"tags":[],"class_list":["post-1026","page","type-page","status-publish","hentry"],"_links":{"self":[{"href":"https:\/\/www.dalmatien-online.de\/de\/wp-json\/wp\/v2\/pages\/1026","targetHints":{"allow":["GET"]}}],"collection":[{"href":"https:\/\/www.dalmatien-online.de\/de\/wp-json\/wp\/v2\/pages"}],"about":[{"href":"https:\/\/www.dalmatien-online.de\/de\/wp-json\/wp\/v2\/types\/page"}],"author":[{"embeddable":true,"href":"https:\/\/www.dalmatien-online.de\/de\/wp-json\/wp\/v2\/users\/2"}],"replies":[{"embeddable":true,"href":"https:\/\/www.dalmatien-online.de\/de\/wp-json\/wp\/v2\/comments?post=1026"}],"version-history":[{"count":28,"href":"https:\/\/www.dalmatien-online.de\/de\/wp-json\/wp\/v2\/pages\/1026\/revisions"}],"predecessor-version":[{"id":2960,"href":"https:\/\/www.dalmatien-online.de\/de\/wp-json\/wp\/v2\/pages\/1026\/revisions\/2960"}],"wp:attachment":[{"href":"https:\/\/www.dalmatien-online.de\/de\/wp-json\/wp\/v2\/media?parent=1026"}],"wp:term":[{"taxonomy":"post_tag","embeddable":true,"href":"https:\/\/www.dalmatien-online.de\/de\/wp-json\/wp\/v2\/tags?post=1026"}],"curies":[{"name":"wp","href":"https:\/\/api.w.org\/{rel}","templated":true}]}}