{"id":1421,"date":"2020-06-05T21:08:23","date_gmt":"2020-06-05T20:08:23","guid":{"rendered":"https:\/\/www.dalmatien-online.de\/?page_id=1421"},"modified":"2020-06-24T21:48:01","modified_gmt":"2020-06-24T20:48:01","slug":"vis-nach-komiza","status":"publish","type":"page","link":"https:\/\/www.dalmatien-online.de\/de\/vis-nach-komiza\/","title":{"rendered":"Vis nach Komi\u017ea"},"content":{"rendered":"\n<figure class=\"wp-block-image size-large\"><img loading=\"lazy\" decoding=\"async\" width=\"1024\" height=\"237\" src=\"https:\/\/www.dalmatien-online.de\/wp-content\/uploads\/2020\/06\/0-D-O-vis-komi\u017ea-t-1024x237.jpg\" alt=\"\" class=\"wp-image-2999\" srcset=\"https:\/\/www.dalmatien-online.de\/wp-content\/uploads\/2020\/06\/0-D-O-vis-komi\u017ea-t-1024x237.jpg 1024w, https:\/\/www.dalmatien-online.de\/wp-content\/uploads\/2020\/06\/0-D-O-vis-komi\u017ea-t-300x70.jpg 300w, https:\/\/www.dalmatien-online.de\/wp-content\/uploads\/2020\/06\/0-D-O-vis-komi\u017ea-t-768x178.jpg 768w, https:\/\/www.dalmatien-online.de\/wp-content\/uploads\/2020\/06\/0-D-O-vis-komi\u017ea-t-250x58.jpg 250w, https:\/\/www.dalmatien-online.de\/wp-content\/uploads\/2020\/06\/0-D-O-vis-komi\u017ea-t.jpg 1505w\" sizes=\"auto, (max-width: 1024px) 100vw, 1024px\" \/><figcaption>Eine sch\u00f6ne Tour ist die Wanderung von Vis \u00fcber die Inselberge auf die andere Seite nach Komi\u017ea. Sie verbindet die zwei wichtigsten bzw. bekanntesten und beliebtesten Orte der Insel. Startpunkt ist die Hauptstra\u00dfe in Richtung Komi\u017ea am Ortsausgang von Vis.<\/figcaption><\/figure>\n\n\n\n<figure class=\"wp-block-image size-large\"><img loading=\"lazy\" decoding=\"async\" width=\"1024\" height=\"683\" src=\"https:\/\/www.dalmatien-online.de\/wp-content\/uploads\/2020\/06\/A-Vis-riva-9-19-Mo-3-1024x683.jpg\" alt=\"\" class=\"wp-image-1738\" srcset=\"https:\/\/www.dalmatien-online.de\/wp-content\/uploads\/2020\/06\/A-Vis-riva-9-19-Mo-3-1024x683.jpg 1024w, https:\/\/www.dalmatien-online.de\/wp-content\/uploads\/2020\/06\/A-Vis-riva-9-19-Mo-3-300x200.jpg 300w, https:\/\/www.dalmatien-online.de\/wp-content\/uploads\/2020\/06\/A-Vis-riva-9-19-Mo-3-768x512.jpg 768w, https:\/\/www.dalmatien-online.de\/wp-content\/uploads\/2020\/06\/A-Vis-riva-9-19-Mo-3-250x167.jpg 250w, https:\/\/www.dalmatien-online.de\/wp-content\/uploads\/2020\/06\/A-Vis-riva-9-19-Mo-3-400x267.jpg 400w, https:\/\/www.dalmatien-online.de\/wp-content\/uploads\/2020\/06\/A-Vis-riva-9-19-Mo-3.jpg 1500w\" sizes=\"auto, (max-width: 1024px) 100vw, 1024px\" \/><figcaption>Nach dem morgendlichen Fr\u00fchst\u00fcck und einem k\u00f6stlichen Kaffee auf der Riva von Vis starten wir der Hauptstra\u00dfe entlang ortsausw\u00e4rts. Bereits hier sind Markierungen gut sichtbar angebracht und nach einigen Minuten erreicht man einen von der Stra\u00dfe abzweigenden Forstweg bergauf in Richtung Inselwald.<\/figcaption><\/figure>\n\n\n\n<figure class=\"wp-block-image size-large\"><img loading=\"lazy\" decoding=\"async\" width=\"1024\" height=\"691\" src=\"https:\/\/www.dalmatien-online.de\/wp-content\/uploads\/2020\/06\/A-Komiza-Vis-Hum-3-1024x691.jpg\" alt=\"\" class=\"wp-image-1741\" srcset=\"https:\/\/www.dalmatien-online.de\/wp-content\/uploads\/2020\/06\/A-Komiza-Vis-Hum-3-1024x691.jpg 1024w, https:\/\/www.dalmatien-online.de\/wp-content\/uploads\/2020\/06\/A-Komiza-Vis-Hum-3-300x203.jpg 300w, https:\/\/www.dalmatien-online.de\/wp-content\/uploads\/2020\/06\/A-Komiza-Vis-Hum-3-768x518.jpg 768w, https:\/\/www.dalmatien-online.de\/wp-content\/uploads\/2020\/06\/A-Komiza-Vis-Hum-3-250x169.jpg 250w, https:\/\/www.dalmatien-online.de\/wp-content\/uploads\/2020\/06\/A-Komiza-Vis-Hum-3.jpg 1474w\" sizes=\"auto, (max-width: 1024px) 100vw, 1024px\" \/><figcaption>Es sei bemerkt, dass die Zeitangaben der meisten Routen auf den Schildern (wie oben) etwas zu knapp bemessen sind, will man die Tour genie\u00dfen und nicht Joggen gehen. Als Fotoliebhaber macht es Sinn eine Stunde als anderthalb Stunden zu einzuplanen.<\/figcaption><\/figure>\n\n\n\n<figure class=\"wp-block-image size-large\"><img loading=\"lazy\" decoding=\"async\" width=\"1024\" height=\"683\" src=\"https:\/\/www.dalmatien-online.de\/wp-content\/uploads\/2020\/06\/A-Vis-hum-2-1-1024x683.jpg\" alt=\"\" class=\"wp-image-1742\" srcset=\"https:\/\/www.dalmatien-online.de\/wp-content\/uploads\/2020\/06\/A-Vis-hum-2-1-1024x683.jpg 1024w, https:\/\/www.dalmatien-online.de\/wp-content\/uploads\/2020\/06\/A-Vis-hum-2-1-300x200.jpg 300w, https:\/\/www.dalmatien-online.de\/wp-content\/uploads\/2020\/06\/A-Vis-hum-2-1-768x512.jpg 768w, https:\/\/www.dalmatien-online.de\/wp-content\/uploads\/2020\/06\/A-Vis-hum-2-1-250x167.jpg 250w, https:\/\/www.dalmatien-online.de\/wp-content\/uploads\/2020\/06\/A-Vis-hum-2-1-400x267.jpg 400w, https:\/\/www.dalmatien-online.de\/wp-content\/uploads\/2020\/06\/A-Vis-hum-2-1.jpg 1500w\" sizes=\"auto, (max-width: 1024px) 100vw, 1024px\" \/><figcaption>Zun\u00e4chst f\u00fchrt der Weg schr\u00e4g zur Stra\u00dfe nach Komi\u017ea stetig bergauf und es er\u00f6ffnen sich Perspektiven vom Ort Vis, die man so noch nicht kannte, wenn man in der Bucht &#8222;Vi\u0161ka luka&#8220; unterwegs war. Schlie\u00dflich weiter bergauf nach einigen Biegungen verdichtet sich der Wald ein wenig und Vis ist hinten nicht mehr zu sehen.<\/figcaption><\/figure>\n\n\n\n<figure class=\"wp-block-image size-large\"><img loading=\"lazy\" decoding=\"async\" width=\"1024\" height=\"683\" src=\"https:\/\/www.dalmatien-online.de\/wp-content\/uploads\/2020\/06\/A-Vis-D3-Vis-Hum-2-1024x683.jpg\" alt=\"\" class=\"wp-image-1739\" srcset=\"https:\/\/www.dalmatien-online.de\/wp-content\/uploads\/2020\/06\/A-Vis-D3-Vis-Hum-2-1024x683.jpg 1024w, https:\/\/www.dalmatien-online.de\/wp-content\/uploads\/2020\/06\/A-Vis-D3-Vis-Hum-2-300x200.jpg 300w, https:\/\/www.dalmatien-online.de\/wp-content\/uploads\/2020\/06\/A-Vis-D3-Vis-Hum-2-768x512.jpg 768w, https:\/\/www.dalmatien-online.de\/wp-content\/uploads\/2020\/06\/A-Vis-D3-Vis-Hum-2-250x167.jpg 250w, https:\/\/www.dalmatien-online.de\/wp-content\/uploads\/2020\/06\/A-Vis-D3-Vis-Hum-2-400x267.jpg 400w, https:\/\/www.dalmatien-online.de\/wp-content\/uploads\/2020\/06\/A-Vis-D3-Vis-Hum-2.jpg 1500w\" sizes=\"auto, (max-width: 1024px) 100vw, 1024px\" \/><figcaption>Nun schl\u00e4ngelt sich der Weg l\u00e4ngere Zeit hinauf und hinunter durch die bewaldeten Berge ins Inselinnere. Hin und wieder er\u00f6ffnen sich Blicke auf die Adria, auf der man aus der Ferne winzige wei\u00dfe Punkte ausmachen kann. Es sind zahlreiche Boote auf Seegelturn.<\/figcaption><\/figure>\n\n\n\n<figure class=\"wp-block-image size-large\"><img loading=\"lazy\" decoding=\"async\" width=\"1024\" height=\"683\" src=\"https:\/\/www.dalmatien-online.de\/wp-content\/uploads\/2020\/06\/A-weg-hinter-vis-1024x683.jpg\" alt=\"\" class=\"wp-image-3029\" srcset=\"https:\/\/www.dalmatien-online.de\/wp-content\/uploads\/2020\/06\/A-weg-hinter-vis-1024x683.jpg 1024w, https:\/\/www.dalmatien-online.de\/wp-content\/uploads\/2020\/06\/A-weg-hinter-vis-300x200.jpg 300w, https:\/\/www.dalmatien-online.de\/wp-content\/uploads\/2020\/06\/A-weg-hinter-vis-768x512.jpg 768w, https:\/\/www.dalmatien-online.de\/wp-content\/uploads\/2020\/06\/A-weg-hinter-vis-250x167.jpg 250w, https:\/\/www.dalmatien-online.de\/wp-content\/uploads\/2020\/06\/A-weg-hinter-vis-400x267.jpg 400w, https:\/\/www.dalmatien-online.de\/wp-content\/uploads\/2020\/06\/A-weg-hinter-vis.jpg 1500w\" sizes=\"auto, (max-width: 1024px) 100vw, 1024px\" \/><figcaption>Hin und wieder sind auf der Route Olivenheine und andere bewirtschaftete Fl\u00e4chen zu bestaunen, wenn sich der Wald mit Kulturlandschaft mischt. Einsame H\u00e4uschen entlang des Weges geleiten einen schlie\u00dflich zum kleinen Inselort \u017dena Glava, von dem man einen fantastischen Rundblick auf das kleine Tal gegen\u00fcber und auf die Weite der Adria hat.<\/figcaption><\/figure>\n\n\n\n<figure class=\"wp-block-image size-large\"><img loading=\"lazy\" decoding=\"async\" width=\"683\" height=\"1024\" src=\"https:\/\/www.dalmatien-online.de\/wp-content\/uploads\/2020\/06\/A-Zena-Glava-2-2-683x1024.jpg\" alt=\"\" class=\"wp-image-1749\" srcset=\"https:\/\/www.dalmatien-online.de\/wp-content\/uploads\/2020\/06\/A-Zena-Glava-2-2-683x1024.jpg 683w, https:\/\/www.dalmatien-online.de\/wp-content\/uploads\/2020\/06\/A-Zena-Glava-2-2-200x300.jpg 200w, https:\/\/www.dalmatien-online.de\/wp-content\/uploads\/2020\/06\/A-Zena-Glava-2-2-768x1152.jpg 768w, https:\/\/www.dalmatien-online.de\/wp-content\/uploads\/2020\/06\/A-Zena-Glava-2-2-1024x1536.jpg 1024w, https:\/\/www.dalmatien-online.de\/wp-content\/uploads\/2020\/06\/A-Zena-Glava-2-2-1365x2048.jpg 1365w, https:\/\/www.dalmatien-online.de\/wp-content\/uploads\/2020\/06\/A-Zena-Glava-2-2-250x375.jpg 250w, https:\/\/www.dalmatien-online.de\/wp-content\/uploads\/2020\/06\/A-Zena-Glava-2-2-scaled.jpg 1707w\" sizes=\"auto, (max-width: 683px) 100vw, 683px\" \/><figcaption>Nach einer ausgedehnten Pause im Schatten und einer kleinen St\u00e4rkung w\u00e4hrend des Genie\u00dfens der wundersch\u00f6nen Landschaft, f\u00fchrt der Weg weiter zwischen ein paar H\u00e4usern hindurch auf einen kleinen steinigen Pfad aufw\u00e4rts in Richtung Inselgipfel des Hum. Der ortsans\u00e4ssige Mischlingshund war nicht erfreut beim durchqueren der engen Gassen hinauf auf den Pfad.<\/figcaption><\/figure>\n\n\n\n<figure class=\"wp-block-image size-large\"><img loading=\"lazy\" decoding=\"async\" width=\"1024\" height=\"683\" src=\"https:\/\/www.dalmatien-online.de\/wp-content\/uploads\/2020\/06\/A-Zena-Glava-1-2-1024x683.jpg\" alt=\"\" class=\"wp-image-1748\" srcset=\"https:\/\/www.dalmatien-online.de\/wp-content\/uploads\/2020\/06\/A-Zena-Glava-1-2-1024x683.jpg 1024w, https:\/\/www.dalmatien-online.de\/wp-content\/uploads\/2020\/06\/A-Zena-Glava-1-2-300x200.jpg 300w, https:\/\/www.dalmatien-online.de\/wp-content\/uploads\/2020\/06\/A-Zena-Glava-1-2-768x512.jpg 768w, https:\/\/www.dalmatien-online.de\/wp-content\/uploads\/2020\/06\/A-Zena-Glava-1-2-250x167.jpg 250w, https:\/\/www.dalmatien-online.de\/wp-content\/uploads\/2020\/06\/A-Zena-Glava-1-2-400x267.jpg 400w, https:\/\/www.dalmatien-online.de\/wp-content\/uploads\/2020\/06\/A-Zena-Glava-1-2.jpg 1500w\" sizes=\"auto, (max-width: 1024px) 100vw, 1024px\" \/><figcaption>Den Ort \u017dena Glava hinter uns gelassen geht es steil und steinig hinauf, den Gipfel und die sch\u00f6nen Szenerien im Seitental vor Augen. Immer wieder beeindruckt davon, wie viele Steine zur Seite geschafft werden mussten \u00fcber die Jahrhunderte, um dort vern\u00fcnftig Landwirtschaft betreiben zu k\u00f6nnen. Immer wieder ein M\u00e4uerchen.<\/figcaption><\/figure>\n\n\n\n<figure class=\"wp-block-image size-large\"><img loading=\"lazy\" decoding=\"async\" width=\"1024\" height=\"683\" src=\"https:\/\/www.dalmatien-online.de\/wp-content\/uploads\/2020\/06\/A-podspilije-1-1024x683.jpg\" alt=\"\" class=\"wp-image-1747\" srcset=\"https:\/\/www.dalmatien-online.de\/wp-content\/uploads\/2020\/06\/A-podspilije-1-1024x683.jpg 1024w, https:\/\/www.dalmatien-online.de\/wp-content\/uploads\/2020\/06\/A-podspilije-1-300x200.jpg 300w, https:\/\/www.dalmatien-online.de\/wp-content\/uploads\/2020\/06\/A-podspilije-1-768x512.jpg 768w, https:\/\/www.dalmatien-online.de\/wp-content\/uploads\/2020\/06\/A-podspilije-1-250x167.jpg 250w, https:\/\/www.dalmatien-online.de\/wp-content\/uploads\/2020\/06\/A-podspilije-1-400x267.jpg 400w, https:\/\/www.dalmatien-online.de\/wp-content\/uploads\/2020\/06\/A-podspilije-1.jpg 1500w\" sizes=\"auto, (max-width: 1024px) 100vw, 1024px\" \/><figcaption>Nun gegen Mittag brennt die Sonne, weshalb es sich empfiehlt immer eine Kopfbedeckung, ein kleines Handtuch und reichlich Wasser im Gep\u00e4ck zu haben. Die Kraft der Sonne in Dalmatien ist nicht zu untersch\u00e4tzen, egal zu welcher Zeit im Jahr. Wieder ein kleines Trinkp\u00e4uschen, denn ein wundersch\u00f6ner Schmetterling gr\u00fc\u00dft und w\u00fcnscht Gl\u00fcck.<\/figcaption><\/figure>\n\n\n\n<figure class=\"wp-block-image size-large\"><img loading=\"lazy\" decoding=\"async\" width=\"688\" height=\"1024\" src=\"https:\/\/www.dalmatien-online.de\/wp-content\/uploads\/2020\/06\/A-Leptir-Milna-4-688x1024.jpg\" alt=\"\" class=\"wp-image-3036\" srcset=\"https:\/\/www.dalmatien-online.de\/wp-content\/uploads\/2020\/06\/A-Leptir-Milna-4-688x1024.jpg 688w, https:\/\/www.dalmatien-online.de\/wp-content\/uploads\/2020\/06\/A-Leptir-Milna-4-201x300.jpg 201w, https:\/\/www.dalmatien-online.de\/wp-content\/uploads\/2020\/06\/A-Leptir-Milna-4-768x1144.jpg 768w, https:\/\/www.dalmatien-online.de\/wp-content\/uploads\/2020\/06\/A-Leptir-Milna-4-250x372.jpg 250w, https:\/\/www.dalmatien-online.de\/wp-content\/uploads\/2020\/06\/A-Leptir-Milna-4.jpg 994w\" sizes=\"auto, (max-width: 688px) 100vw, 688px\" \/><figcaption>In der Mittagshitze etappt man sich hin und wieder bei dem Gedanken: &#8222;Warum tu ich mir das an?&#8220; Jedoch entsch\u00e4digt die Naturgewalt und die Sch\u00f6nheit der Tour f\u00fcr all die Strapazen in der Mittagssonne und hin und wieder spendet eine Wolke Schatten im Vorbeiziehen vor Mitleid. Immer weiter und lange zieht sich der Weg hinauf mit herrlichen Weitblicken ins Blau des Meeres.<\/figcaption><\/figure>\n\n\n\n<figure class=\"wp-block-image size-large\"><img loading=\"lazy\" decoding=\"async\" width=\"1024\" height=\"694\" src=\"https:\/\/www.dalmatien-online.de\/wp-content\/uploads\/2020\/06\/A-Vis-hum-2-2-1024x694.jpg\" alt=\"\" class=\"wp-image-1761\" srcset=\"https:\/\/www.dalmatien-online.de\/wp-content\/uploads\/2020\/06\/A-Vis-hum-2-2-1024x694.jpg 1024w, https:\/\/www.dalmatien-online.de\/wp-content\/uploads\/2020\/06\/A-Vis-hum-2-2-300x203.jpg 300w, https:\/\/www.dalmatien-online.de\/wp-content\/uploads\/2020\/06\/A-Vis-hum-2-2-768x521.jpg 768w, https:\/\/www.dalmatien-online.de\/wp-content\/uploads\/2020\/06\/A-Vis-hum-2-2-250x169.jpg 250w, https:\/\/www.dalmatien-online.de\/wp-content\/uploads\/2020\/06\/A-Vis-hum-2-2.jpg 1474w\" sizes=\"auto, (max-width: 1024px) 100vw, 1024px\" \/><figcaption>Ein weiterer kleiner Bewohner der Insel, ein Freund der Sonne, genie\u00dft sein Sonnenbad entlang des Weges hinauf auf den Hum. Jetzt ist es nicht mehr all zu weit zum Zwischenziel, dem Gipfel mit seiner kleinen Kapelle und dem &#8222;Wahnsinnsblick&#8220;, so denkt man.<\/figcaption><\/figure>\n\n\n\n<figure class=\"wp-block-image size-large\"><img loading=\"lazy\" decoding=\"async\" width=\"1024\" height=\"693\" src=\"https:\/\/www.dalmatien-online.de\/wp-content\/uploads\/2020\/06\/A-Vis-Hum-Dechs-1-1024x693.jpg\" alt=\"\" class=\"wp-image-1762\" srcset=\"https:\/\/www.dalmatien-online.de\/wp-content\/uploads\/2020\/06\/A-Vis-Hum-Dechs-1-1024x693.jpg 1024w, https:\/\/www.dalmatien-online.de\/wp-content\/uploads\/2020\/06\/A-Vis-Hum-Dechs-1-300x203.jpg 300w, https:\/\/www.dalmatien-online.de\/wp-content\/uploads\/2020\/06\/A-Vis-Hum-Dechs-1-768x520.jpg 768w, https:\/\/www.dalmatien-online.de\/wp-content\/uploads\/2020\/06\/A-Vis-Hum-Dechs-1-250x169.jpg 250w, https:\/\/www.dalmatien-online.de\/wp-content\/uploads\/2020\/06\/A-Vis-Hum-Dechs-1.jpg 1522w\" sizes=\"auto, (max-width: 1024px) 100vw, 1024px\" \/><figcaption>Endlich! Angekommen auf dem Berg bei der kleinen Kapelle &#8222;Sveti Duh&#8220;! Man kann sich gar nicht satt sehen an der fantastischen Aussicht auf Komi\u017ea, die weitl\u00e4ufige Bucht und das offene Meer. Hier am Horizont l\u00e4sst sich an manchen Tagen Italien erahnen, bei absolut klarer Sicht. Nun ist es auch Zeit f\u00fcr das &#8222;Siegesbier&#8220; und ein kleines P\u00e4uschen, bevor nach Komi\u017ea auf kleinem steinigen Serpentinenpfad abgestiegen wird.<\/figcaption><\/figure>\n\n\n\n<figure class=\"wp-block-image size-large\"><img loading=\"lazy\" decoding=\"async\" width=\"1024\" height=\"683\" src=\"https:\/\/www.dalmatien-online.de\/wp-content\/uploads\/2020\/06\/A-Sv-Duh-1-1024x683.jpg\" alt=\"\" class=\"wp-image-1766\" srcset=\"https:\/\/www.dalmatien-online.de\/wp-content\/uploads\/2020\/06\/A-Sv-Duh-1-1024x683.jpg 1024w, https:\/\/www.dalmatien-online.de\/wp-content\/uploads\/2020\/06\/A-Sv-Duh-1-300x200.jpg 300w, https:\/\/www.dalmatien-online.de\/wp-content\/uploads\/2020\/06\/A-Sv-Duh-1-768x512.jpg 768w, https:\/\/www.dalmatien-online.de\/wp-content\/uploads\/2020\/06\/A-Sv-Duh-1-250x167.jpg 250w, https:\/\/www.dalmatien-online.de\/wp-content\/uploads\/2020\/06\/A-Sv-Duh-1-400x267.jpg 400w, https:\/\/www.dalmatien-online.de\/wp-content\/uploads\/2020\/06\/A-Sv-Duh-1.jpg 1500w\" sizes=\"auto, (max-width: 1024px) 100vw, 1024px\" \/><figcaption>Nach dem &#8222;Siegesp\u00e4uschen&#8220; ein kleiner Eintrag im Gipfelbuch in der Kapelle und weiter gehts dem Pfad entgegen bergab, dessen Beginn links unterhalb von &#8222;Sveti Duh&#8220; ist. Langsam kommen Gedanken von leckeren Fischgerichten in den Sinn, die es aber leider erst weit \u00fcber 500 H\u00f6henmeter tiefer in K\u00fcstenort zu schlemmen gibt.<\/figcaption><\/figure>\n\n\n\n<figure class=\"wp-block-image size-large\"><img loading=\"lazy\" decoding=\"async\" width=\"1024\" height=\"683\" src=\"https:\/\/www.dalmatien-online.de\/wp-content\/uploads\/2020\/06\/A-Sv-Duh-2-1024x683.jpg\" alt=\"\" class=\"wp-image-1767\" srcset=\"https:\/\/www.dalmatien-online.de\/wp-content\/uploads\/2020\/06\/A-Sv-Duh-2-1024x683.jpg 1024w, https:\/\/www.dalmatien-online.de\/wp-content\/uploads\/2020\/06\/A-Sv-Duh-2-300x200.jpg 300w, https:\/\/www.dalmatien-online.de\/wp-content\/uploads\/2020\/06\/A-Sv-Duh-2-768x512.jpg 768w, https:\/\/www.dalmatien-online.de\/wp-content\/uploads\/2020\/06\/A-Sv-Duh-2-250x167.jpg 250w, https:\/\/www.dalmatien-online.de\/wp-content\/uploads\/2020\/06\/A-Sv-Duh-2-400x267.jpg 400w, https:\/\/www.dalmatien-online.de\/wp-content\/uploads\/2020\/06\/A-Sv-Duh-2.jpg 1500w\" sizes=\"auto, (max-width: 1024px) 100vw, 1024px\" \/><figcaption>Auf dem Weg runter, herrliche Blicke auf die Insel Svetac (links oben am Horizont) und immer mehr detailreiche Szenarien auf Komi\u017ea und die Berge rund um. Dort unten, so denkt man, wartet der Fisch.<\/figcaption><\/figure>\n\n\n\n<figure class=\"wp-block-image size-large\"><img loading=\"lazy\" decoding=\"async\" width=\"1024\" height=\"683\" src=\"https:\/\/www.dalmatien-online.de\/wp-content\/uploads\/2020\/06\/A-komiza-hum-gore-1-1024x683.jpg\" alt=\"\" class=\"wp-image-1768\" srcset=\"https:\/\/www.dalmatien-online.de\/wp-content\/uploads\/2020\/06\/A-komiza-hum-gore-1-1024x683.jpg 1024w, https:\/\/www.dalmatien-online.de\/wp-content\/uploads\/2020\/06\/A-komiza-hum-gore-1-300x200.jpg 300w, https:\/\/www.dalmatien-online.de\/wp-content\/uploads\/2020\/06\/A-komiza-hum-gore-1-768x512.jpg 768w, https:\/\/www.dalmatien-online.de\/wp-content\/uploads\/2020\/06\/A-komiza-hum-gore-1-250x167.jpg 250w, https:\/\/www.dalmatien-online.de\/wp-content\/uploads\/2020\/06\/A-komiza-hum-gore-1-400x267.jpg 400w, https:\/\/www.dalmatien-online.de\/wp-content\/uploads\/2020\/06\/A-komiza-hum-gore-1.jpg 1500w\" sizes=\"auto, (max-width: 1024px) 100vw, 1024px\" \/><figcaption>Beeindruckende Blicke auf die Stadt und dem Hafen. Man erreicht schlie\u00dflich am Ende des Pfades die Stra\u00dfe nach Komi\u017ea, die weiter unten interessante Perspektiven auf das Franziskanerkloster &#8222;Sv. Nikola&#8220; zu bieten hat, das \u00fcber dem K\u00fcstenst\u00e4dtchen im Berg zwischen Olivenhainen tront. Nun noch die Serpentinen hinunter, der Fisch wartet schon.<\/figcaption><\/figure>\n\n\n\n<figure class=\"wp-block-image size-large is-resized\"><img loading=\"lazy\" decoding=\"async\" src=\"https:\/\/www.dalmatien-online.de\/wp-content\/uploads\/2020\/06\/A-Komiza-Vis-Hum-2-1024x683.jpg\" alt=\"\" class=\"wp-image-1769\" width=\"580\" height=\"386\" srcset=\"https:\/\/www.dalmatien-online.de\/wp-content\/uploads\/2020\/06\/A-Komiza-Vis-Hum-2-1024x683.jpg 1024w, https:\/\/www.dalmatien-online.de\/wp-content\/uploads\/2020\/06\/A-Komiza-Vis-Hum-2-300x200.jpg 300w, https:\/\/www.dalmatien-online.de\/wp-content\/uploads\/2020\/06\/A-Komiza-Vis-Hum-2-768x512.jpg 768w, https:\/\/www.dalmatien-online.de\/wp-content\/uploads\/2020\/06\/A-Komiza-Vis-Hum-2-250x167.jpg 250w, https:\/\/www.dalmatien-online.de\/wp-content\/uploads\/2020\/06\/A-Komiza-Vis-Hum-2-400x267.jpg 400w, https:\/\/www.dalmatien-online.de\/wp-content\/uploads\/2020\/06\/A-Komiza-Vis-Hum-2.jpg 1500w\" sizes=\"auto, (max-width: 580px) 100vw, 580px\" \/><figcaption>Weitere kleine P\u00e4uschen zum Zwecke des Fotografierens, denn solch Kulisse bietet sich selten von Stadt und Umgebung.<\/figcaption><\/figure>\n\n\n\n<figure class=\"wp-block-image size-large\"><img loading=\"lazy\" decoding=\"async\" width=\"1024\" height=\"683\" src=\"https:\/\/www.dalmatien-online.de\/wp-content\/uploads\/2020\/06\/A-komiza-hum-gore-2-1024x683.jpg\" alt=\"\" class=\"wp-image-1771\" srcset=\"https:\/\/www.dalmatien-online.de\/wp-content\/uploads\/2020\/06\/A-komiza-hum-gore-2-1024x683.jpg 1024w, https:\/\/www.dalmatien-online.de\/wp-content\/uploads\/2020\/06\/A-komiza-hum-gore-2-300x200.jpg 300w, https:\/\/www.dalmatien-online.de\/wp-content\/uploads\/2020\/06\/A-komiza-hum-gore-2-768x512.jpg 768w, https:\/\/www.dalmatien-online.de\/wp-content\/uploads\/2020\/06\/A-komiza-hum-gore-2-250x167.jpg 250w, https:\/\/www.dalmatien-online.de\/wp-content\/uploads\/2020\/06\/A-komiza-hum-gore-2-400x267.jpg 400w, https:\/\/www.dalmatien-online.de\/wp-content\/uploads\/2020\/06\/A-komiza-hum-gore-2.jpg 1500w\" sizes=\"auto, (max-width: 1024px) 100vw, 1024px\" \/><figcaption>Komi\u017ea von oben! Von hier kann man schon das Labyrinth der wundersch\u00f6nen alten G\u00e4sschen des historischen Ortes erahnen. Nicht mehr lange, bis das Meer mit seinem kristallklaren Wasser erreicht ist, in dem &#8222;unser&#8220; Fisch schwamm.<\/figcaption><\/figure>\n\n\n\n<figure class=\"wp-block-image size-large\"><img loading=\"lazy\" decoding=\"async\" width=\"1024\" height=\"683\" src=\"https:\/\/www.dalmatien-online.de\/wp-content\/uploads\/2020\/06\/A-Komiza-Vis-Hum-1-1024x683.jpg\" alt=\"\" class=\"wp-image-1772\" srcset=\"https:\/\/www.dalmatien-online.de\/wp-content\/uploads\/2020\/06\/A-Komiza-Vis-Hum-1-1024x683.jpg 1024w, https:\/\/www.dalmatien-online.de\/wp-content\/uploads\/2020\/06\/A-Komiza-Vis-Hum-1-300x200.jpg 300w, https:\/\/www.dalmatien-online.de\/wp-content\/uploads\/2020\/06\/A-Komiza-Vis-Hum-1-768x512.jpg 768w, https:\/\/www.dalmatien-online.de\/wp-content\/uploads\/2020\/06\/A-Komiza-Vis-Hum-1-250x167.jpg 250w, https:\/\/www.dalmatien-online.de\/wp-content\/uploads\/2020\/06\/A-Komiza-Vis-Hum-1-400x267.jpg 400w, https:\/\/www.dalmatien-online.de\/wp-content\/uploads\/2020\/06\/A-Komiza-Vis-Hum-1.jpg 1500w\" sizes=\"auto, (max-width: 1024px) 100vw, 1024px\" \/><figcaption>Schlie\u00dflich angekommen, muss der Hunger noch warten. Eine kleine Tour durch die Gassen der Stadt mit ihrem Naturhafen ist gern auf sich genommene Pflicht, bevor es dem Fisch an den Kragen geht.<\/figcaption><\/figure>\n\n\n\n<figure class=\"wp-block-image size-large\"><img loading=\"lazy\" decoding=\"async\" width=\"1024\" height=\"683\" src=\"https:\/\/www.dalmatien-online.de\/wp-content\/uploads\/2020\/06\/A-Komi\u017ea-9-19-4-1-1024x683.jpg\" alt=\"\" class=\"wp-image-1773\" srcset=\"https:\/\/www.dalmatien-online.de\/wp-content\/uploads\/2020\/06\/A-Komi\u017ea-9-19-4-1-1024x683.jpg 1024w, https:\/\/www.dalmatien-online.de\/wp-content\/uploads\/2020\/06\/A-Komi\u017ea-9-19-4-1-300x200.jpg 300w, https:\/\/www.dalmatien-online.de\/wp-content\/uploads\/2020\/06\/A-Komi\u017ea-9-19-4-1-768x512.jpg 768w, https:\/\/www.dalmatien-online.de\/wp-content\/uploads\/2020\/06\/A-Komi\u017ea-9-19-4-1-250x167.jpg 250w, https:\/\/www.dalmatien-online.de\/wp-content\/uploads\/2020\/06\/A-Komi\u017ea-9-19-4-1-400x267.jpg 400w, https:\/\/www.dalmatien-online.de\/wp-content\/uploads\/2020\/06\/A-Komi\u017ea-9-19-4-1.jpg 1500w\" sizes=\"auto, (max-width: 1024px) 100vw, 1024px\" \/><figcaption>Nachdem die Neugierde halbwegs befriedigt ist, trotz guter Kenntnis vom Ort nach Jahren, gewinnt der Hunger die Uberhand und es ist Zeit zum Schlemmen. <\/figcaption><\/figure>\n\n\n\n<figure class=\"wp-block-image size-large\"><img loading=\"lazy\" decoding=\"async\" width=\"683\" height=\"1024\" src=\"https:\/\/www.dalmatien-online.de\/wp-content\/uploads\/2020\/06\/A-Komi\u017ea-9-19-5-683x1024.jpg\" alt=\"\" class=\"wp-image-3046\" srcset=\"https:\/\/www.dalmatien-online.de\/wp-content\/uploads\/2020\/06\/A-Komi\u017ea-9-19-5-683x1024.jpg 683w, https:\/\/www.dalmatien-online.de\/wp-content\/uploads\/2020\/06\/A-Komi\u017ea-9-19-5-200x300.jpg 200w, https:\/\/www.dalmatien-online.de\/wp-content\/uploads\/2020\/06\/A-Komi\u017ea-9-19-5-768x1152.jpg 768w, https:\/\/www.dalmatien-online.de\/wp-content\/uploads\/2020\/06\/A-Komi\u017ea-9-19-5-250x375.jpg 250w, https:\/\/www.dalmatien-online.de\/wp-content\/uploads\/2020\/06\/A-Komi\u017ea-9-19-5.jpg 1000w\" sizes=\"auto, (max-width: 683px) 100vw, 683px\" \/><figcaption>Und doch l\u00e4nger geblieben als gedacht! Es war wieder so sch\u00f6n und lustig bei den positiv verr\u00fcckten Menschen von Komi\u017ea mit ihrer Herzlichkeit.  Man muss ja schlie\u00dflich noch einigen Lokalit\u00e4ten &#8222;Hallo!&#8220; sagen, aus &#8222;absolut reinem Pflichtbewu\u00dftsein&#8220;!Dann geht`s  zufrieden, m\u00fcde und beschwingt zur\u00fcck nach Vis mit dem Versprechen, schon lange nicht mehr so gut geschlafen zu haben.<\/figcaption><\/figure>\n\n\n\n<figure class=\"wp-block-image size-large\"><img loading=\"lazy\" decoding=\"async\" width=\"1024\" height=\"683\" src=\"https:\/\/www.dalmatien-online.de\/wp-content\/uploads\/2020\/06\/A-Komi\u017ea-9-19-6-1024x683.jpg\" alt=\"\" class=\"wp-image-3047\" srcset=\"https:\/\/www.dalmatien-online.de\/wp-content\/uploads\/2020\/06\/A-Komi\u017ea-9-19-6-1024x683.jpg 1024w, https:\/\/www.dalmatien-online.de\/wp-content\/uploads\/2020\/06\/A-Komi\u017ea-9-19-6-300x200.jpg 300w, https:\/\/www.dalmatien-online.de\/wp-content\/uploads\/2020\/06\/A-Komi\u017ea-9-19-6-768x512.jpg 768w, https:\/\/www.dalmatien-online.de\/wp-content\/uploads\/2020\/06\/A-Komi\u017ea-9-19-6-250x167.jpg 250w, https:\/\/www.dalmatien-online.de\/wp-content\/uploads\/2020\/06\/A-Komi\u017ea-9-19-6-400x267.jpg 400w, https:\/\/www.dalmatien-online.de\/wp-content\/uploads\/2020\/06\/A-Komi\u017ea-9-19-6.jpg 1500w\" sizes=\"auto, (max-width: 1024px) 100vw, 1024px\" \/><figcaption><strong><a href=\"https:\/\/www.dalmatien-online.de\/de\/vis-2\/\" target=\"_blank\" rel=\"noreferrer noopener\">MEHR ZU VIS UND KOMI\u017dA<\/a><\/strong><\/figcaption><\/figure>\n\n\n\n<hr class=\"wp-block-separator\"\/>\n\n\n\n\n","protected":false},"excerpt":{"rendered":"","protected":false},"author":2,"featured_media":0,"parent":0,"menu_order":0,"comment_status":"closed","ping_status":"closed","template":"","meta":{"footnotes":"","_links_to":"","_links_to_target":""},"tags":[],"class_list":["post-1421","page","type-page","status-publish","hentry"],"_links":{"self":[{"href":"https:\/\/www.dalmatien-online.de\/de\/wp-json\/wp\/v2\/pages\/1421","targetHints":{"allow":["GET"]}}],"collection":[{"href":"https:\/\/www.dalmatien-online.de\/de\/wp-json\/wp\/v2\/pages"}],"about":[{"href":"https:\/\/www.dalmatien-online.de\/de\/wp-json\/wp\/v2\/types\/page"}],"author":[{"embeddable":true,"href":"https:\/\/www.dalmatien-online.de\/de\/wp-json\/wp\/v2\/users\/2"}],"replies":[{"embeddable":true,"href":"https:\/\/www.dalmatien-online.de\/de\/wp-json\/wp\/v2\/comments?post=1421"}],"version-history":[{"count":26,"href":"https:\/\/www.dalmatien-online.de\/de\/wp-json\/wp\/v2\/pages\/1421\/revisions"}],"predecessor-version":[{"id":3051,"href":"https:\/\/www.dalmatien-online.de\/de\/wp-json\/wp\/v2\/pages\/1421\/revisions\/3051"}],"wp:attachment":[{"href":"https:\/\/www.dalmatien-online.de\/de\/wp-json\/wp\/v2\/media?parent=1421"}],"wp:term":[{"taxonomy":"post_tag","embeddable":true,"href":"https:\/\/www.dalmatien-online.de\/de\/wp-json\/wp\/v2\/tags?post=1421"}],"curies":[{"name":"wp","href":"https:\/\/api.w.org\/{rel}","templated":true}]}}