{"id":629,"date":"2020-06-02T09:06:18","date_gmt":"2020-06-02T08:06:18","guid":{"rendered":"https:\/\/www.dalmatien-online.de\/?page_id=629"},"modified":"2020-06-25T16:05:02","modified_gmt":"2020-06-25T15:05:02","slug":"sibenik","status":"publish","type":"page","link":"https:\/\/www.dalmatien-online.de\/de\/sibenik\/","title":{"rendered":"\u0160ibenik"},"content":{"rendered":"\n<figure class=\"wp-block-image size-large\"><img loading=\"lazy\" decoding=\"async\" width=\"1024\" height=\"262\" src=\"https:\/\/www.dalmatien-online.de\/wp-content\/uploads\/2020\/06\/0-D-O-\u0160ibenik-t-1024x262.jpg\" alt=\"\" class=\"wp-image-2942\" srcset=\"https:\/\/www.dalmatien-online.de\/wp-content\/uploads\/2020\/06\/0-D-O-\u0160ibenik-t-1024x262.jpg 1024w, https:\/\/www.dalmatien-online.de\/wp-content\/uploads\/2020\/06\/0-D-O-\u0160ibenik-t-300x77.jpg 300w, https:\/\/www.dalmatien-online.de\/wp-content\/uploads\/2020\/06\/0-D-O-\u0160ibenik-t-768x197.jpg 768w, https:\/\/www.dalmatien-online.de\/wp-content\/uploads\/2020\/06\/0-D-O-\u0160ibenik-t-250x64.jpg 250w, https:\/\/www.dalmatien-online.de\/wp-content\/uploads\/2020\/06\/0-D-O-\u0160ibenik-t.jpg 1528w\" sizes=\"auto, (max-width: 1024px) 100vw, 1024px\" \/><figcaption>Die alte dalmatische K\u00f6nigsstadt \u0160ibenik nord\u00f6stlich von Split blickt auf eine bewegte <strong><a rel=\"noreferrer noopener\" href=\"http:\/\/www.porta-croatia.de\/reisefuehrer\/reiseziele\/sibenik\/geschichte.php\" target=\"_blank\">Geschichte \u00fcber die Jahrhunderte<\/a><\/strong> zur\u00fcck. Sie liegt an der K\u00fcste am <strong><a rel=\"noreferrer noopener\" href=\"https:\/\/www.dalmatien-online.de\/de\/sibenik-kanal-sveti-ante\/\" target=\"_blank\">&#8222;Kanal Sveti Ante&#8220;<\/a><\/strong>, der \u0160ibenik mit dem offenen Meer verbindet. Anreisen kann man \u00fcber die Flugh\u00e4fen in <strong><a rel=\"noreferrer noopener\" href=\"http:\/\/www.split-airport.hr\/index.php?lang=en\" target=\"_blank\">Split<\/a><\/strong> und <strong><a rel=\"noreferrer noopener\" href=\"https:\/\/www.zadar-airport.hr\/en\" target=\"_blank\">Zadar<\/a><\/strong> oder <strong><a rel=\"noreferrer noopener\" href=\"https:\/\/www.buscroatia.com\/de\/busbahnhof-sibenik\/\" target=\"_blank\">per Bus<\/a><\/strong> oder Auto. Im Hafen der Stadt unweit des Busbahnhofs starten einige Routen der <strong><a href=\"https:\/\/www.jadrolinija.hr\/en\/ferry-croatia\" target=\"_blank\" rel=\"noreferrer noopener\">Jadrolinija<\/a><\/strong> zu den vorgelagerten Inseln.<\/figcaption><\/figure>\n\n\n\n<figure class=\"wp-block-image size-large\"><img loading=\"lazy\" decoding=\"async\" width=\"1024\" height=\"681\" src=\"https:\/\/www.dalmatien-online.de\/wp-content\/uploads\/2020\/06\/0A-sv.-Mihovila-1-1024x681.jpg\" alt=\"\" class=\"wp-image-3054\" srcset=\"https:\/\/www.dalmatien-online.de\/wp-content\/uploads\/2020\/06\/0A-sv.-Mihovila-1-1024x681.jpg 1024w, https:\/\/www.dalmatien-online.de\/wp-content\/uploads\/2020\/06\/0A-sv.-Mihovila-1-300x199.jpg 300w, https:\/\/www.dalmatien-online.de\/wp-content\/uploads\/2020\/06\/0A-sv.-Mihovila-1-768x511.jpg 768w, https:\/\/www.dalmatien-online.de\/wp-content\/uploads\/2020\/06\/0A-sv.-Mihovila-1-250x166.jpg 250w, https:\/\/www.dalmatien-online.de\/wp-content\/uploads\/2020\/06\/0A-sv.-Mihovila-1-400x267.jpg 400w, https:\/\/www.dalmatien-online.de\/wp-content\/uploads\/2020\/06\/0A-sv.-Mihovila-1.jpg 1402w\" sizes=\"auto, (max-width: 1024px) 100vw, 1024px\" \/><figcaption>Die Kathedrale des Heiligen Jakob oder &#8222;Katedrala svetog Jakova&#8220; ist Weltkulturst\u00e4tte der <strong><a rel=\"noreferrer noopener\" href=\"https:\/\/whc.unesco.org\/en\/list\/963\/\" target=\"_blank\">UNESCO<\/a><\/strong> und liegt zwischen der &#8222;Platz der Kroatischen Republik&#8220; und der Uferprpomenade der Adria. Spaziert man durch engen mittelalterlichen Gassen, die mit den historischen H\u00e4usern gleich Terassen an den Hang unterhalb der Festungen gebaut sind, so ist es wie eine kleine Zeitreise in die Vergangenheit. Dieser Eindruck verst\u00e4rkt sich noch, erkundet man <strong><a href=\"https:\/\/www.dalmatien-online.de\/de\/sibenik-bei-nacht\/\" target=\"_blank\" rel=\"noreferrer noopener\">\u0160ibenik bei Nacht<\/a><\/strong>.<\/figcaption><\/figure>\n\n\n\n<figure class=\"wp-block-image size-large\"><img loading=\"lazy\" decoding=\"async\" width=\"1024\" height=\"686\" src=\"https:\/\/www.dalmatien-online.de\/wp-content\/uploads\/2020\/06\/0A-sv.-Mihovila-3-1024x686.jpg\" alt=\"\" class=\"wp-image-760\" srcset=\"https:\/\/www.dalmatien-online.de\/wp-content\/uploads\/2020\/06\/0A-sv.-Mihovila-3-1024x686.jpg 1024w, https:\/\/www.dalmatien-online.de\/wp-content\/uploads\/2020\/06\/0A-sv.-Mihovila-3-300x201.jpg 300w, https:\/\/www.dalmatien-online.de\/wp-content\/uploads\/2020\/06\/0A-sv.-Mihovila-3-768x514.jpg 768w, https:\/\/www.dalmatien-online.de\/wp-content\/uploads\/2020\/06\/0A-sv.-Mihovila-3-250x167.jpg 250w, https:\/\/www.dalmatien-online.de\/wp-content\/uploads\/2020\/06\/0A-sv.-Mihovila-3-400x267.jpg 400w, https:\/\/www.dalmatien-online.de\/wp-content\/uploads\/2020\/06\/0A-sv.-Mihovila-3.jpg 1441w\" sizes=\"auto, (max-width: 1024px) 100vw, 1024px\" \/><figcaption>Die vier gro\u00dfen Festungsanlagen aus verschiedenen Epochen haben die Stadt \u00fcber die Jahrhunderte verteidigt, was mit ein Grund f\u00fcr den relativ guten Erhalt der Altstadt ist. Die \u00e4lteste Festung &#8222;Sv. Mihovil&#8220; aus dem 11. Jahrhundert tront direkt \u00fcber der Altstadt nahe der Bucht von \u0160ibenik und beherbergt heute u. a. ein Freilichttheater f\u00fcr Auff\u00fchrungen und Konzerte. Dahinter, weiter oben in der Stadt am Berg befinden zwei weitere Festungen. Die Festung &#8222;Sv. Ivan&#8220; nord\u00f6stlich und die Festung &#8222;Barone&#8220; leicht s\u00fcdwestlich. Mehr Infos zu den Festungen auf der offiziellen Seite der <strong><a href=\"https:\/\/tvrdjava-kulture.hr\/en\/about-us\/\" target=\"_blank\" rel=\"noreferrer noopener\">&#8222;Institution Festung der Kultur \u0160ibenik&#8220;<\/a><\/strong>.<\/figcaption><\/figure>\n\n\n\n<figure class=\"wp-block-image size-large\"><img loading=\"lazy\" decoding=\"async\" width=\"1024\" height=\"673\" src=\"https:\/\/www.dalmatien-online.de\/wp-content\/uploads\/2020\/06\/0A-\u0160ibenik-3-1024x673.jpg\" alt=\"\" class=\"wp-image-761\" srcset=\"https:\/\/www.dalmatien-online.de\/wp-content\/uploads\/2020\/06\/0A-\u0160ibenik-3-1024x673.jpg 1024w, https:\/\/www.dalmatien-online.de\/wp-content\/uploads\/2020\/06\/0A-\u0160ibenik-3-300x197.jpg 300w, https:\/\/www.dalmatien-online.de\/wp-content\/uploads\/2020\/06\/0A-\u0160ibenik-3-768x504.jpg 768w, https:\/\/www.dalmatien-online.de\/wp-content\/uploads\/2020\/06\/0A-\u0160ibenik-3-250x164.jpg 250w, https:\/\/www.dalmatien-online.de\/wp-content\/uploads\/2020\/06\/0A-\u0160ibenik-3.jpg 1221w\" sizes=\"auto, (max-width: 1024px) 100vw, 1024px\" \/><figcaption><strong><a href=\"https:\/\/www.dalmatien-online.de\/de\/die-festung-sv-nikola\/\" target=\"_blank\" rel=\"noreferrer noopener\">Die Festung &#8222;Sv. Nikola&#8220;<\/a><\/strong> aus dem 16. Jahrhundert liegt an der Einfahrt des Kanals &#8222;Sv. Ante&#8220; und kontrollierte den Schiffsverkehr vor der Bucht von \u0160ibenik. Hier lohnt sich die wundersch\u00f6ne Tour entlang des Kanals, denn hier gibt es einiges zu entdecken. Sch\u00f6ne Natur, tolle Aussichten, Str\u00e4nde und alte \u00dcberbleibsel des Milit\u00e4rs laden dazu ein, auf Erkundungstour zu gehen.<\/figcaption><\/figure>\n\n\n\n<figure class=\"wp-block-image size-large\"><img loading=\"lazy\" decoding=\"async\" width=\"1024\" height=\"683\" src=\"https:\/\/www.dalmatien-online.de\/wp-content\/uploads\/2020\/06\/A-Sibenik-18-Sv-ante-14-1-1024x683.jpg\" alt=\"\" class=\"wp-image-3061\" srcset=\"https:\/\/www.dalmatien-online.de\/wp-content\/uploads\/2020\/06\/A-Sibenik-18-Sv-ante-14-1-1024x683.jpg 1024w, https:\/\/www.dalmatien-online.de\/wp-content\/uploads\/2020\/06\/A-Sibenik-18-Sv-ante-14-1-300x200.jpg 300w, https:\/\/www.dalmatien-online.de\/wp-content\/uploads\/2020\/06\/A-Sibenik-18-Sv-ante-14-1-768x512.jpg 768w, https:\/\/www.dalmatien-online.de\/wp-content\/uploads\/2020\/06\/A-Sibenik-18-Sv-ante-14-1-250x167.jpg 250w, https:\/\/www.dalmatien-online.de\/wp-content\/uploads\/2020\/06\/A-Sibenik-18-Sv-ante-14-1-400x267.jpg 400w, https:\/\/www.dalmatien-online.de\/wp-content\/uploads\/2020\/06\/A-Sibenik-18-Sv-ante-14-1.jpg 1500w\" sizes=\"auto, (max-width: 1024px) 100vw, 1024px\" \/><\/figure>\n\n\n\n<hr class=\"wp-block-separator\"\/>\n\n\n\n<figure class=\"wp-block-image size-large\"><img loading=\"lazy\" decoding=\"async\" width=\"1024\" height=\"683\" src=\"https:\/\/www.dalmatien-online.de\/wp-content\/uploads\/2020\/06\/A-Sibenik-18-seeseit-1-1024x683.jpg\" alt=\"\" class=\"wp-image-3092\" srcset=\"https:\/\/www.dalmatien-online.de\/wp-content\/uploads\/2020\/06\/A-Sibenik-18-seeseit-1-1024x683.jpg 1024w, https:\/\/www.dalmatien-online.de\/wp-content\/uploads\/2020\/06\/A-Sibenik-18-seeseit-1-300x200.jpg 300w, https:\/\/www.dalmatien-online.de\/wp-content\/uploads\/2020\/06\/A-Sibenik-18-seeseit-1-768x512.jpg 768w, https:\/\/www.dalmatien-online.de\/wp-content\/uploads\/2020\/06\/A-Sibenik-18-seeseit-1-250x167.jpg 250w, https:\/\/www.dalmatien-online.de\/wp-content\/uploads\/2020\/06\/A-Sibenik-18-seeseit-1-400x267.jpg 400w, https:\/\/www.dalmatien-online.de\/wp-content\/uploads\/2020\/06\/A-Sibenik-18-seeseit-1.jpg 1500w\" sizes=\"auto, (max-width: 1024px) 100vw, 1024px\" \/><\/figure>\n\n\n\n<figure class=\"wp-block-image size-large\"><img loading=\"lazy\" decoding=\"async\" width=\"1024\" height=\"678\" src=\"https:\/\/www.dalmatien-online.de\/wp-content\/uploads\/2020\/06\/0A-kanal-sv-ante-bearb-5x17-4-1024x678.jpg\" alt=\"\" class=\"wp-image-763\" srcset=\"https:\/\/www.dalmatien-online.de\/wp-content\/uploads\/2020\/06\/0A-kanal-sv-ante-bearb-5x17-4-1024x678.jpg 1024w, https:\/\/www.dalmatien-online.de\/wp-content\/uploads\/2020\/06\/0A-kanal-sv-ante-bearb-5x17-4-300x199.jpg 300w, https:\/\/www.dalmatien-online.de\/wp-content\/uploads\/2020\/06\/0A-kanal-sv-ante-bearb-5x17-4-768x509.jpg 768w, https:\/\/www.dalmatien-online.de\/wp-content\/uploads\/2020\/06\/0A-kanal-sv-ante-bearb-5x17-4-250x166.jpg 250w, https:\/\/www.dalmatien-online.de\/wp-content\/uploads\/2020\/06\/0A-kanal-sv-ante-bearb-5x17-4.jpg 1528w\" sizes=\"auto, (max-width: 1024px) 100vw, 1024px\" \/><\/figure>\n\n\n\n<figure class=\"wp-block-image size-large\"><img loading=\"lazy\" decoding=\"async\" width=\"1024\" height=\"683\" src=\"https:\/\/www.dalmatien-online.de\/wp-content\/uploads\/2020\/06\/A-Sibenik-18-regatta-6-1024x683.jpg\" alt=\"\" class=\"wp-image-765\" srcset=\"https:\/\/www.dalmatien-online.de\/wp-content\/uploads\/2020\/06\/A-Sibenik-18-regatta-6-1024x683.jpg 1024w, https:\/\/www.dalmatien-online.de\/wp-content\/uploads\/2020\/06\/A-Sibenik-18-regatta-6-300x200.jpg 300w, https:\/\/www.dalmatien-online.de\/wp-content\/uploads\/2020\/06\/A-Sibenik-18-regatta-6-768x512.jpg 768w, https:\/\/www.dalmatien-online.de\/wp-content\/uploads\/2020\/06\/A-Sibenik-18-regatta-6-250x167.jpg 250w, https:\/\/www.dalmatien-online.de\/wp-content\/uploads\/2020\/06\/A-Sibenik-18-regatta-6-400x267.jpg 400w, https:\/\/www.dalmatien-online.de\/wp-content\/uploads\/2020\/06\/A-Sibenik-18-regatta-6.jpg 1500w\" sizes=\"auto, (max-width: 1024px) 100vw, 1024px\" \/><\/figure>\n\n\n\n<div class=\"display-posts-listing image-left\"><div class=\"listing-item\"><a class=\"image\" href=\"https:\/\/www.dalmatien-online.de\/en\/die-festung-sv-nikola\/\"><img loading=\"lazy\" decoding=\"async\" width=\"150\" height=\"150\" src=\"https:\/\/www.dalmatien-online.de\/wp-content\/uploads\/2020\/06\/A-Sibenik-18-Sv-ante-14-1-150x150.jpg\" class=\"attachment-thumbnail size-thumbnail wp-image-3061 wp-post-image\" alt=\"\" \/><\/a> <a class=\"title\" href=\"https:\/\/www.dalmatien-online.de\/en\/die-festung-sv-nikola\/\">Fortress Sv. Nikola \u0160ibenik<\/a> <span class=\"excerpt\"> <span class=\"excerpt-more\">\u2026<\/span><\/span><\/div><\/div>\n","protected":false},"excerpt":{"rendered":"","protected":false},"author":2,"featured_media":0,"parent":0,"menu_order":0,"comment_status":"closed","ping_status":"closed","template":"","meta":{"footnotes":"","_links_to":"","_links_to_target":""},"tags":[],"class_list":["post-629","page","type-page","status-publish","hentry"],"_links":{"self":[{"href":"https:\/\/www.dalmatien-online.de\/de\/wp-json\/wp\/v2\/pages\/629","targetHints":{"allow":["GET"]}}],"collection":[{"href":"https:\/\/www.dalmatien-online.de\/de\/wp-json\/wp\/v2\/pages"}],"about":[{"href":"https:\/\/www.dalmatien-online.de\/de\/wp-json\/wp\/v2\/types\/page"}],"author":[{"embeddable":true,"href":"https:\/\/www.dalmatien-online.de\/de\/wp-json\/wp\/v2\/users\/2"}],"replies":[{"embeddable":true,"href":"https:\/\/www.dalmatien-online.de\/de\/wp-json\/wp\/v2\/comments?post=629"}],"version-history":[{"count":18,"href":"https:\/\/www.dalmatien-online.de\/de\/wp-json\/wp\/v2\/pages\/629\/revisions"}],"predecessor-version":[{"id":3110,"href":"https:\/\/www.dalmatien-online.de\/de\/wp-json\/wp\/v2\/pages\/629\/revisions\/3110"}],"wp:attachment":[{"href":"https:\/\/www.dalmatien-online.de\/de\/wp-json\/wp\/v2\/media?parent=629"}],"wp:term":[{"taxonomy":"post_tag","embeddable":true,"href":"https:\/\/www.dalmatien-online.de\/de\/wp-json\/wp\/v2\/tags?post=629"}],"curies":[{"name":"wp","href":"https:\/\/api.w.org\/{rel}","templated":true}]}}